{"id":868,"date":"2025-01-27T11:24:03","date_gmt":"2025-01-27T09:24:03","guid":{"rendered":"https:\/\/apollontheater.gr\/?post_type=tribe_events&#038;p=868"},"modified":"2025-09-26T12:49:49","modified_gmt":"2025-09-26T09:49:49","slug":"syros-international-music-festival-2025","status":"publish","type":"tribe_events","link":"https:\/\/apollontheater.gr\/en\/event\/syros-international-music-festival-2025\/","title":{"rendered":"Syros International Music Festival 2025"},"content":{"rendered":"<p>&#8220;The third edition of the International Syros Music Festival returns with the support of local cultural organizations and partners. The festival celebrates world-class musicians and offers rich musical events to the island\u2019s community. With a dynamic program of concerts, educational activities involving local schools, performances by emerging talents, and various other cultural events, Syros will once again experience the magic of music.<\/p>\n<p>This week of cultural immersion highlights the collaboration between renowned international artists and the vibrant local cultural scene, fostering connections that have a profound impact on the community. Aiming to make classical music both refined and accessible, the festival warmly invites everyone to participate in its artistic offerings.<\/p>\n<p>For more information and the detailed program please visit the festival\u2019s website<\/p>\n<p><a href=\"https:\/\/www.syrosfestival.org\/en\/\">https:\/\/www.syrosfestival.org\/en\/<\/a><\/p>\n<p>&nbsp;<\/p>\n<div id=\"main_wrap\">\n<div id=\"main\">\n<div id=\"pagedata\">\n<div id=\"eventpages_wrap\" class=\"eventpages_wrap\">\n<div id=\"eventpage_text\" class=\"eventpage eventpage_text\">\n<div id=\"text\" class=\"event12862\">\n<p><strong><u>October<\/u><\/strong><strong><u>\u00a0<\/u><\/strong><strong><u>21<sup>st<\/sup>\u00a0&#8211;\u00a0<\/u><\/strong><strong><u>20:30 &#8211; &#8220;<\/u><\/strong><strong><u>Grand Opening<\/u><\/strong><strong><u>&#8220;<\/u><\/strong><\/p>\n<p><img decoding=\"async\" src=\"https:\/\/www.ticketservices.gr\/pictures\/original\/b_53341_or_21OCT.jpg\" \/><\/p>\n<p>To open the Syros International Chamber Music Festival in style, discover the richness and voluptuousness of the piano duo. The concert opens with Mozart&#8217;s Sonata for Two Pianos, the composer who will also close the festival. This is followed by two great Romantic works, Brahms&#8217; Variations on a Theme of Haydn, and Rachmaninov&#8217;s first Suite, which he composed at the age of just 20. The work ends with a flight of bells evoking Easter. With Adam Laloum, we will be the architects of this opening evening.<\/p>\n<details open=\"\">\n<summary>Program and artists<\/summary>\n<p><strong><u>Program<\/u><\/strong><\/p>\n<p><strong>W.A. Mozart<\/strong>\u00a0&#8211; Sonata for Two Pianos in D major, K. 448<br \/>\n<strong>Britten<\/strong>\u00a0&#8211; Mazurka Elegiaca, Op. 23 No. 2<br \/>\n<em>Intermission<\/em><br \/>\n<strong>Brahms<\/strong>\u00a0&#8211; Variations on a Theme by Haydn, Op. 56b<br \/>\n<strong>Rachmaninov<\/strong>\u00a0&#8211; Suite No. 1 for Two Pianos, Op. 5<\/p>\n<p>&nbsp;<\/p>\n<p><strong><u>Artists<\/u><\/strong><\/p>\n<p><strong>Adam Laloum<\/strong>\u00a0<em>Piano<\/em><br \/>\n<strong>Jonas Vitaud<\/strong>\u00a0<em>Piano<\/em><\/p>\n<p><strong><u>More information<br \/>\n<\/u><\/strong><a href=\"https:\/\/www.syrosfestival.org\/en\/events\/grand-opening-two-pianos\">https:\/\/www.syrosfestival.org\/en\/events\/grand-opening-two-pianos<\/a><\/p>\n<\/details>\n<hr \/>\n<p><strong><u>October 22<\/u><\/strong><strong><u><sup>nd<\/sup><\/u><\/strong><strong><u>\u00a0<\/u><\/strong><strong><u>&#8211;\u00a0<\/u><\/strong><strong><u>20:30 &#8211; &#8220;<\/u><\/strong><strong><u>Grand Duo Piano Violin&#8221;<\/u><\/strong><\/p>\n<p><img decoding=\"async\" src=\"https:\/\/www.ticketservices.gr\/pictures\/original\/b_53342_or_22OCT.jpg\" \/><\/p>\n<p>Discover this exceptional program for violin and piano! Adam Laloum and Mi-Sa Yang create a dialogue-fusion. The evening opens with a Bach sonata. The instruments dialogue with remarkable inventiveness, testifying to Bach&#8217;s love of the violin from an early age. Adam Laloum and Mi-Sa Yang then plunge us into two great Romantic masterpieces: Schumann&#8217;s &#8220;Grande sonate&#8221;, bursting with vitality and temperament, and C\u00e9sar Franck&#8217;s renowned and passionate sonata.<\/p>\n<details>\n<summary>Program and artists<\/summary>\n<p><strong><u>Program<\/u><\/strong><\/p>\n<p><strong>J.S. Bach<\/strong>\u00a0&#8211; Sonata for Violin and Harpsichord No. 5, BWV 1018<br \/>\n<strong>Schumann<\/strong>\u00a0&#8211; Sonata for Violin and Piano No. 2, Op. 121<br \/>\n<em>Intermission<\/em><br \/>\n<strong>Franck<\/strong>\u00a0&#8211; Sonata for Violin and Piano<\/p>\n<p><strong><u>Artists<\/u><\/strong><\/p>\n<p><strong>Mi-Sa Yang\u00a0<\/strong><em>Violin<\/em><br \/>\n<strong>Adam Laloum<\/strong>\u00a0<em>Piano<\/em><\/p>\n<p><strong><u>More information<\/u><\/strong><br \/>\n<a href=\"https:\/\/www.syrosfestival.org\/en\/events\/grand-duo-piano-violin\">https:\/\/www.syrosfestival.org\/en\/events\/grand-duo-piano-violin<\/a><\/p>\n<\/details>\n<hr \/>\n<p><strong><u>October 23<\/u><\/strong><strong><u><sup>rd<\/sup><\/u><\/strong><strong><u>\u00a0<\/u><\/strong><strong><u>&#8211;\u00a0<\/u><\/strong><strong><u>20:30 &#8211; &#8220;<\/u><\/strong><strong><u>Dvo\u0159\u00e1k !<\/u><\/strong><strong><u>&#8220;<\/u><\/strong><\/p>\n<p><img decoding=\"async\" src=\"https:\/\/www.ticketservices.gr\/pictures\/original\/b_53443_or_23-oct-2025-dvorak-og-600x366.jpg\" \/><\/p>\n<p>This concert honors Anton\u00edn Dvo\u0159\u00e1k (1841-1904), the great Czech composer.<br \/>\nDeeply rooted in the folk traditions of his country, he wrote music that carries within it an almost unsinkable energy, hope, and optimism. While some of his symphonic works and his cello concerto have become iconic, his piano music, melodies, and chamber music remain relatively unknown. This concert will showcase the passion, variety, and breadth of Czech musical genius!<\/p>\n<details>\n<summary>Program and artists<\/summary>\n<p><strong><u>Program<\/u><\/strong><\/p>\n<p>&nbsp;<\/p>\n<p><strong>Dvo\u0159\u00e1k<\/strong>\u00a0&#8211; Eight Humoresques, Op. 101 (solo piano)<br \/>\n<strong>Dvo\u0159\u00e1k<\/strong>\u00a0&#8211; Sonatina in G major, Op. 100 (violin &amp; piano)<br \/>\n<em>Intermission<\/em><br \/>\n<strong>Dvo\u0159\u00e1k<\/strong>\u00a0&#8211; Gypsy Songs, Op. 55 (voice &amp; piano)<br \/>\n<strong>Dvo\u0159\u00e1k<\/strong>\u00a0&#8211; Piano Quartet No. 2, Op. 87<\/p>\n<p><strong><u>Artists<\/u><\/strong><\/p>\n<p><strong>Katherina Sandmeier<\/strong>\u00a0<em>Soprano<\/em><br \/>\n<strong>Mi-Sa Yang<\/strong>\u00a0<em>Violin<\/em><br \/>\n<strong>Yuko Har<\/strong>\u00a0<em>Viola<\/em><br \/>\n<strong>Yan Levionnois<\/strong>\u00a0Cello<br \/>\n<strong>Adam Laloum\u00a0<\/strong><em>Piano<\/em><br \/>\n<strong>Jonas Vitaud<\/strong>\u00a0<em>Piano<\/em><\/p>\n<p><strong><u>More information<\/u><\/strong><br \/>\n<a href=\"https:\/\/www.syrosfestival.org\/en\/events\/dvorak\">https:\/\/www.syrosfestival.org\/en\/events\/dvorak<\/a><\/p>\n<\/details>\n<hr \/>\n<p><strong><u>October 24<\/u><\/strong><strong><u><sup>th<\/sup><\/u><\/strong><strong><u>\u00a0<\/u><\/strong><strong><u>&#8211;\u00a0<\/u><\/strong><strong><u>20:30 &#8211; &#8220;<\/u><\/strong><strong><u>Ancient Greece, Greece of dreams<\/u><\/strong><strong><u>&#8220;<\/u><\/strong><\/p>\n<p><img decoding=\"async\" src=\"https:\/\/www.ticketservices.gr\/pictures\/original\/b_53344_or_24OCT.jpg\" \/><\/p>\n<p>This concert is a dialogue. Firstly, a dialogue between France and Greece, between French composers from the first half of the 20th century who dreamed of Greece and drew inspiration from it-Debussy, Emmanuel, Gaubert-and, secondly, two major figures in contemporary Greek creation-Iannis Xenakis (1922-2001) and Georges Aperghis (born in 1945)-who draw their inspiration from the great founding Greek myths. This dialogue will also take on a theatrical dimension. The musicians will be invited to listen to each other before playing together, as an allegory of Athenian democracy, a central and decisive political concept invented by the Greeks, never fully achieved and always fragile.<\/p>\n<details>\n<summary>Program and artists<\/summary>\n<p><strong><u>Program<\/u><\/strong><\/p>\n<p>&nbsp;<\/p>\n<p><strong>Debussy<\/strong>\u00a0&#8211; Dancers of Delphi (solo piano, from Pr\u00e9ludes Book I)<br \/>\n<strong>Debussy<\/strong>\u00a0&#8211; Syrinx (solo flute)<br \/>\n<strong>Debussy<\/strong>\u00a0&#8211; Prelude to the Afternoon of a Faun (flute &amp; piano)<br \/>\n<strong>Aperghis<\/strong>\u00a0&#8211; En un tournemain (solo viola)<br \/>\n<strong>Aperghis<\/strong>\u00a0&#8211; Monomanie No. 3 (solo voice)<br \/>\n<strong>Ravel<\/strong>\u00a0&#8211; Five Greek Popular Songs (voice &amp; piano, sung in Greek)<br \/>\n<strong>Emmanuel<\/strong>\u00a0&#8211; Suite on Greek Folk Tunes (violin &amp; piano)<br \/>\n<em>Intermission<\/em><br \/>\n<strong>Xenakis<\/strong>\u00a0&#8211;\u00a0<em>Kottos<\/em>\u00a0(solo cello)<br \/>\n<strong>Xenakis<\/strong>\u00a0&#8211; Dhipli Zyia (violin &amp; cello)<br \/>\n<strong>Gaubert<\/strong>\u00a0&#8211; Ancient Medals (flute, violin &amp; piano)<br \/>\n<strong>Emmanuel<\/strong>\u00a0&#8211; Three Anacreontic Odelettes, Op. 13 (voice, flute &amp; piano)<\/p>\n<p><strong><u>Artists<\/u><\/strong><\/p>\n<p><strong>Sharon Bezaly<\/strong>\u00a0<em>Flute<\/em><br \/>\n<strong>Katherina Sandmeier<\/strong>\u00a0<em>Soprano<\/em><br \/>\n<strong>Mi-Sa Yang<\/strong>\u00a0<em>Violin<\/em><br \/>\n<strong>Yuko Har<\/strong>\u00a0<em>Viola<\/em><br \/>\n<strong>Yan Levionnois<\/strong>\u00a0Cello<br \/>\n<strong>Jonas Vitaud<\/strong>\u00a0<em>Piano<\/em><\/p>\n<p><strong><u>More information<\/u><\/strong><br \/>\n<a href=\"https:\/\/www.syrosfestival.org\/en\/events\/ancient-greece-greece-of-dreams\">https:\/\/www.syrosfestival.org\/en\/events\/ancient-greece-greece-of-dreams<\/a><\/p>\n<\/details>\n<hr \/>\n<p><strong><u>October 25<\/u><\/strong><strong><u><sup>th<\/sup><\/u><\/strong><strong><u>\u00a0<\/u><\/strong><strong><u>&#8211;\u00a0<\/u><\/strong><strong><u>20:30 &#8211; &#8220;<\/u><\/strong><strong><u>Grand Gala<\/u><\/strong><strong><u>&#8220;<\/u><\/strong><\/p>\n<p><img decoding=\"async\" src=\"https:\/\/www.ticketservices.gr\/pictures\/original\/b_53345_or_25OCT.jpg\" \/><\/p>\n<p>A rich and varied gala concert to close the 2025 festival. In the first half, Greek soprano Katherina Sandmeier will guide us through the complex twists and turns of the Russian soul, with Tchaikovsky and Shostakovich. After the intermission, Swedish flutist Sharon Bezaly will introduce us to the richness of the 20th-century repertoire for flute and piano (Poulenc and Messiaen), before Mozart brings the festival full circle with his Quartet for Flute and Strings, K. 285.<\/p>\n<details>\n<summary>Program and artists<\/summary>\n<p><strong><u>Program<\/u><\/strong><\/p>\n<p><strong>P.I. Tchaikovsky<\/strong>\u00a0&#8211;\u00a0<em>October<\/em>\u00a0(from\u00a0<em>The Seasons<\/em>, solo piano)<br \/>\n<strong>P.I. Tchaikovsky<\/strong>\u00a0&#8211; Aria from\u00a0<em>Iolanta<\/em>\u00a0(soprano &amp; piano)<br \/>\n<strong>P.I. Tchaikovsky<\/strong>\u00a0&#8211; Letter Aria (Tatiana) from\u00a0<em>Eugene Onegin<\/em>\u00a0(soprano &amp; piano)<br \/>\n<strong>D. Shostakovich<\/strong>\u00a0&#8211; Seven Romances on Poems by Alexander Blok, Op. 127 (soprano, violin, cello &amp; piano)<br \/>\n<em>Intermission<\/em><br \/>\n<strong>Messiaen<\/strong>\u00a0&#8211;\u00a0<em>Le Merle noir<\/em>\u00a0(flute &amp; piano)<br \/>\n<strong>Poulenc<\/strong>\u00a0&#8211; Sonata for Flute and Piano<br \/>\n<strong>W.A. Mozart<\/strong>\u00a0&#8211; Flute Quartet No. 1 in D major, K. 285<\/p>\n<p><strong><u>Artists<\/u><\/strong><\/p>\n<p><strong>Sharon Bezaly<\/strong>\u00a0<em>Flute<\/em><br \/>\n<strong>Katherina Sandmeier<\/strong>\u00a0<em>Soprano<\/em><br \/>\n<strong>Mi-Sa Yang<\/strong>\u00a0<em>Violin<\/em><br \/>\n<strong>Yuko Har<\/strong>\u00a0<em>Viola<\/em><br \/>\n<strong>Yan Levionnois<\/strong>\u00a0Cello<br \/>\n<strong>Jonas Vitaud<\/strong>\u00a0<em>Piano<\/em><\/p>\n<p><strong><u>More information<\/u><\/strong><br \/>\n<a href=\"https:\/\/www.syrosfestival.org\/en\/events\/grand-gala\">https:\/\/www.syrosfestival.org\/en\/events\/grand-gala<\/a><\/p>\n<p>&nbsp;<\/p>\n<p>Start time 20:30<\/p>\n<\/details>\n<\/div>\n<\/div>\n<\/div>\n<\/div>\n<\/div>\n<\/div>\n<p>Ticket price: 8, 15 \u20ac<br \/>\nTickets available via www.ticketservices.gr &amp; at the \u201cApollon\u201d theater box office<\/p>\n","protected":false},"excerpt":{"rendered":"<p>&#8220;The third edition of the International Syros Music Festival returns with the support of local cultural organizations and partners. The festival celebrates world-class musicians and offers rich musical events to the island\u2019s community. With a dynamic program of concerts, educational&#8230;<\/p>\n","protected":false},"author":1,"featured_media":1664,"template":"","meta":{"inline_featured_image":false,"_tribe_events_status":"","_tribe_events_status_reason":"","footnotes":""},"tags":[],"tribe_events_cat":[23],"class_list":["post-868","tribe_events","type-tribe_events","status-publish","has-post-thumbnail","hentry","tribe_events_cat-festivals","cat_festivals"],"yoast_head":"<!-- This site is optimized with the Yoast SEO plugin v26.8 - https:\/\/yoast.com\/product\/yoast-seo-wordpress\/ -->\n<title>Syros International Music Festival 2025 | Apollon Theater<\/title>\n<meta name=\"robots\" content=\"index, follow, max-snippet:-1, max-image-preview:large, max-video-preview:-1\" \/>\n<link rel=\"canonical\" href=\"https:\/\/apollontheater.gr\/en\/event\/syros-international-music-festival-2025\/\" \/>\n<meta property=\"og:locale\" content=\"en_US\" \/>\n<meta property=\"og:type\" content=\"article\" \/>\n<meta property=\"og:title\" content=\"Syros International Music Festival 2025 | Apollon Theater\" \/>\n<meta property=\"og:description\" content=\"&#8220;The third edition of the International Syros Music Festival returns with the support of local cultural organizations and partners. The festival celebrates world-class musicians and offers rich musical events to the island\u2019s community. With a dynamic program of concerts, educational...\" \/>\n<meta property=\"og:url\" content=\"https:\/\/apollontheater.gr\/en\/event\/syros-international-music-festival-2025\/\" \/>\n<meta property=\"og:site_name\" content=\"Apollon Theater\" \/>\n<meta property=\"article:modified_time\" content=\"2025-09-26T09:49:49+00:00\" \/>\n<meta property=\"og:image\" content=\"https:\/\/apollontheater.gr\/wp-content\/uploads\/2025\/01\/festival-moysikis.jpg\" \/>\n\t<meta property=\"og:image:width\" content=\"500\" \/>\n\t<meta property=\"og:image:height\" content=\"750\" \/>\n\t<meta property=\"og:image:type\" content=\"image\/jpeg\" \/>\n<meta name=\"twitter:card\" content=\"summary_large_image\" \/>\n<script type=\"application\/ld+json\" class=\"yoast-schema-graph\">{\"@context\":\"https:\/\/schema.org\",\"@graph\":[{\"@type\":\"WebPage\",\"@id\":\"https:\/\/apollontheater.gr\/en\/event\/syros-international-music-festival-2025\/\",\"url\":\"https:\/\/apollontheater.gr\/en\/event\/syros-international-music-festival-2025\/\",\"name\":\"Syros International Music Festival 2025 | Apollon Theater\",\"isPartOf\":{\"@id\":\"https:\/\/apollontheater.gr\/#website\"},\"primaryImageOfPage\":{\"@id\":\"https:\/\/apollontheater.gr\/en\/event\/syros-international-music-festival-2025\/#primaryimage\"},\"image\":{\"@id\":\"https:\/\/apollontheater.gr\/en\/event\/syros-international-music-festival-2025\/#primaryimage\"},\"thumbnailUrl\":\"https:\/\/apollontheater.gr\/wp-content\/uploads\/2025\/01\/festival-moysikis.jpg\",\"datePublished\":\"2025-01-27T09:24:03+00:00\",\"dateModified\":\"2025-09-26T09:49:49+00:00\",\"breadcrumb\":{\"@id\":\"https:\/\/apollontheater.gr\/en\/event\/syros-international-music-festival-2025\/#breadcrumb\"},\"inLanguage\":\"en-US\",\"potentialAction\":[{\"@type\":\"ReadAction\",\"target\":[\"https:\/\/apollontheater.gr\/en\/event\/syros-international-music-festival-2025\/\"]}]},{\"@type\":\"ImageObject\",\"inLanguage\":\"en-US\",\"@id\":\"https:\/\/apollontheater.gr\/en\/event\/syros-international-music-festival-2025\/#primaryimage\",\"url\":\"https:\/\/apollontheater.gr\/wp-content\/uploads\/2025\/01\/festival-moysikis.jpg\",\"contentUrl\":\"https:\/\/apollontheater.gr\/wp-content\/uploads\/2025\/01\/festival-moysikis.jpg\",\"width\":500,\"height\":750},{\"@type\":\"BreadcrumbList\",\"@id\":\"https:\/\/apollontheater.gr\/en\/event\/syros-international-music-festival-2025\/#breadcrumb\",\"itemListElement\":[{\"@type\":\"ListItem\",\"position\":1,\"name\":\"Home\",\"item\":\"https:\/\/apollontheater.gr\/en\/\"},{\"@type\":\"ListItem\",\"position\":2,\"name\":\"Events\",\"item\":\"https:\/\/apollontheater.gr\/events\/\"},{\"@type\":\"ListItem\",\"position\":3,\"name\":\"Syros International Music Festival 2025\"}]},{\"@type\":\"WebSite\",\"@id\":\"https:\/\/apollontheater.gr\/#website\",\"url\":\"https:\/\/apollontheater.gr\/\",\"name\":\"Apollon Theater\",\"description\":\"The heart of culture and history of Hermoupolis\",\"publisher\":{\"@id\":\"https:\/\/apollontheater.gr\/#organization\"},\"potentialAction\":[{\"@type\":\"SearchAction\",\"target\":{\"@type\":\"EntryPoint\",\"urlTemplate\":\"https:\/\/apollontheater.gr\/?s={search_term_string}\"},\"query-input\":{\"@type\":\"PropertyValueSpecification\",\"valueRequired\":true,\"valueName\":\"search_term_string\"}}],\"inLanguage\":\"en-US\"},{\"@type\":\"Organization\",\"@id\":\"https:\/\/apollontheater.gr\/#organization\",\"name\":\"Apollon Theater\",\"url\":\"https:\/\/apollontheater.gr\/\",\"logo\":{\"@type\":\"ImageObject\",\"inLanguage\":\"en-US\",\"@id\":\"https:\/\/apollontheater.gr\/#\/schema\/logo\/image\/\",\"url\":\"https:\/\/apollontheater.gr\/wp-content\/uploads\/2024\/10\/apollon-theater-logo.svg\",\"contentUrl\":\"https:\/\/apollontheater.gr\/wp-content\/uploads\/2024\/10\/apollon-theater-logo.svg\",\"width\":96,\"height\":99,\"caption\":\"Apollon Theater\"},\"image\":{\"@id\":\"https:\/\/apollontheater.gr\/#\/schema\/logo\/image\/\"}}]}<\/script>\n<!-- \/ Yoast SEO plugin. -->","yoast_head_json":{"title":"Syros International Music Festival 2025 | Apollon Theater","robots":{"index":"index","follow":"follow","max-snippet":"max-snippet:-1","max-image-preview":"max-image-preview:large","max-video-preview":"max-video-preview:-1"},"canonical":"https:\/\/apollontheater.gr\/en\/event\/syros-international-music-festival-2025\/","og_locale":"en_US","og_type":"article","og_title":"Syros International Music Festival 2025 | Apollon Theater","og_description":"&#8220;The third edition of the International Syros Music Festival returns with the support of local cultural organizations and partners. The festival celebrates world-class musicians and offers rich musical events to the island\u2019s community. With a dynamic program of concerts, educational...","og_url":"https:\/\/apollontheater.gr\/en\/event\/syros-international-music-festival-2025\/","og_site_name":"Apollon Theater","article_modified_time":"2025-09-26T09:49:49+00:00","og_image":[{"width":500,"height":750,"url":"https:\/\/apollontheater.gr\/wp-content\/uploads\/2025\/01\/festival-moysikis.jpg","type":"image\/jpeg"}],"twitter_card":"summary_large_image","schema":{"@context":"https:\/\/schema.org","@graph":[{"@type":"WebPage","@id":"https:\/\/apollontheater.gr\/en\/event\/syros-international-music-festival-2025\/","url":"https:\/\/apollontheater.gr\/en\/event\/syros-international-music-festival-2025\/","name":"Syros International Music Festival 2025 | Apollon Theater","isPartOf":{"@id":"https:\/\/apollontheater.gr\/#website"},"primaryImageOfPage":{"@id":"https:\/\/apollontheater.gr\/en\/event\/syros-international-music-festival-2025\/#primaryimage"},"image":{"@id":"https:\/\/apollontheater.gr\/en\/event\/syros-international-music-festival-2025\/#primaryimage"},"thumbnailUrl":"https:\/\/apollontheater.gr\/wp-content\/uploads\/2025\/01\/festival-moysikis.jpg","datePublished":"2025-01-27T09:24:03+00:00","dateModified":"2025-09-26T09:49:49+00:00","breadcrumb":{"@id":"https:\/\/apollontheater.gr\/en\/event\/syros-international-music-festival-2025\/#breadcrumb"},"inLanguage":"en-US","potentialAction":[{"@type":"ReadAction","target":["https:\/\/apollontheater.gr\/en\/event\/syros-international-music-festival-2025\/"]}]},{"@type":"ImageObject","inLanguage":"en-US","@id":"https:\/\/apollontheater.gr\/en\/event\/syros-international-music-festival-2025\/#primaryimage","url":"https:\/\/apollontheater.gr\/wp-content\/uploads\/2025\/01\/festival-moysikis.jpg","contentUrl":"https:\/\/apollontheater.gr\/wp-content\/uploads\/2025\/01\/festival-moysikis.jpg","width":500,"height":750},{"@type":"BreadcrumbList","@id":"https:\/\/apollontheater.gr\/en\/event\/syros-international-music-festival-2025\/#breadcrumb","itemListElement":[{"@type":"ListItem","position":1,"name":"Home","item":"https:\/\/apollontheater.gr\/en\/"},{"@type":"ListItem","position":2,"name":"Events","item":"https:\/\/apollontheater.gr\/events\/"},{"@type":"ListItem","position":3,"name":"Syros International Music Festival 2025"}]},{"@type":"WebSite","@id":"https:\/\/apollontheater.gr\/#website","url":"https:\/\/apollontheater.gr\/","name":"Apollon Theater","description":"The heart of culture and history of Hermoupolis","publisher":{"@id":"https:\/\/apollontheater.gr\/#organization"},"potentialAction":[{"@type":"SearchAction","target":{"@type":"EntryPoint","urlTemplate":"https:\/\/apollontheater.gr\/?s={search_term_string}"},"query-input":{"@type":"PropertyValueSpecification","valueRequired":true,"valueName":"search_term_string"}}],"inLanguage":"en-US"},{"@type":"Organization","@id":"https:\/\/apollontheater.gr\/#organization","name":"Apollon Theater","url":"https:\/\/apollontheater.gr\/","logo":{"@type":"ImageObject","inLanguage":"en-US","@id":"https:\/\/apollontheater.gr\/#\/schema\/logo\/image\/","url":"https:\/\/apollontheater.gr\/wp-content\/uploads\/2024\/10\/apollon-theater-logo.svg","contentUrl":"https:\/\/apollontheater.gr\/wp-content\/uploads\/2024\/10\/apollon-theater-logo.svg","width":96,"height":99,"caption":"Apollon Theater"},"image":{"@id":"https:\/\/apollontheater.gr\/#\/schema\/logo\/image\/"}}]}},"_links":{"self":[{"href":"https:\/\/apollontheater.gr\/en\/wp-json\/wp\/v2\/tribe_events\/868","targetHints":{"allow":["GET"]}}],"collection":[{"href":"https:\/\/apollontheater.gr\/en\/wp-json\/wp\/v2\/tribe_events"}],"about":[{"href":"https:\/\/apollontheater.gr\/en\/wp-json\/wp\/v2\/types\/tribe_events"}],"author":[{"embeddable":true,"href":"https:\/\/apollontheater.gr\/en\/wp-json\/wp\/v2\/users\/1"}],"version-history":[{"count":4,"href":"https:\/\/apollontheater.gr\/en\/wp-json\/wp\/v2\/tribe_events\/868\/revisions"}],"predecessor-version":[{"id":1794,"href":"https:\/\/apollontheater.gr\/en\/wp-json\/wp\/v2\/tribe_events\/868\/revisions\/1794"}],"wp:featuredmedia":[{"embeddable":true,"href":"https:\/\/apollontheater.gr\/en\/wp-json\/wp\/v2\/media\/1664"}],"wp:attachment":[{"href":"https:\/\/apollontheater.gr\/en\/wp-json\/wp\/v2\/media?parent=868"}],"wp:term":[{"taxonomy":"post_tag","embeddable":true,"href":"https:\/\/apollontheater.gr\/en\/wp-json\/wp\/v2\/tags?post=868"},{"taxonomy":"tribe_events_cat","embeddable":true,"href":"https:\/\/apollontheater.gr\/en\/wp-json\/wp\/v2\/tribe_events_cat?post=868"}],"curies":[{"name":"wp","href":"https:\/\/api.w.org\/{rel}","templated":true}]}}